{"id":4452,"date":"2017-10-17T08:30:35","date_gmt":"2017-10-17T08:30:35","guid":{"rendered":"http:\/\/jofer.pro\/?page_id=4452"},"modified":"2025-12-12T13:27:43","modified_gmt":"2025-12-12T11:27:43","slug":"politica-de-privacidad","status":"publish","type":"page","link":"https:\/\/jofer.pro\/pt\/politica-de-privacidad\/","title":{"rendered":"Pol\u00edtica de Privacidad"},"content":{"rendered":"<p>POL\u00cdTICA DE PRIVACIDADE<\/p>\n<p>1. CONTROLADOR DE DADOS<br \/>\nSOLUCIONES JOFER SL<br \/>\nMorada: C\/ R\u00edo Almanzora 8, Polig. Indust. La Juaida, 04240 Viator (Almer\u00eda), Espanha<br \/>\nNIF: B04560959<br \/>\nRegisto Comercial de Almer\u00eda: Volume 1033, Folha 73, P\u00e1gina AL-25213, Inscri\u00e7\u00e3o 1<br \/>\nWebsite: https:\/\/jofer.pro<br \/>\nE-mail: info@jofer.pro<\/p>\n<p>2. FINALIDADE DO TRATAMENTO<br \/>\nA recolha e tratamento de dados pessoais t\u00eam como finalidade os seguintes fins:<br \/>\n&#8211; Gerir e responder a consultas e pedidos efetuados pelos utilizadores atrav\u00e9s dos canais de contacto do website.<\/p>\n<p>&#8211; Gerir os aspetos administrativos e comerciais do seu pedido e, quando aplic\u00e1vel, a nossa potencial rela\u00e7\u00e3o contratual.<\/p>\n<p>&#8211; Dar seguimento \u00e0s consultas enviadas pelos utentes.<\/p>\n<p>3. FUNDAMENTO JUR\u00cdDICO PARA O PROCESSAMENTO<br \/>\nO fundamento jur\u00eddico para o tratamento dos seus dados \u00e9:<br \/>\n&#8211; O seu consentimento, quando nos contacta ou submete formul\u00e1rios.<\/p>\n<p>&#8211; A aplica\u00e7\u00e3o de medidas pr\u00e9-contratuais ou a execu\u00e7\u00e3o de um contrato, quando aplic\u00e1vel.<\/p>\n<p>&#8211; O cumprimento das obriga\u00e7\u00f5es legais aplic\u00e1veis.<\/p>\n<p>4. DADOS PROCESSADOS<br \/>\nPodemos tratar, conforme o caso, dados como:<br \/>\n&#8211; Nome e apelido.<\/p>\n<p>&#8211; Endere\u00e7o de correio eletr\u00f3nico e n\u00famero de telefone.<\/p>\n<p>&#8211; Dados inclu\u00eddos no conte\u00fado do seu pedido ou solicita\u00e7\u00e3o.<\/p>\n<p>5. DESTINAT\u00c1RIOS<br \/>\nOs seus dados n\u00e3o ser\u00e3o transferidos para terceiros, exceto quando legalmente exigido. Os seus dados poder\u00e3o ser acedidos por prestadores de servi\u00e7os da SOLUCIONES JOFER SL (por exemplo, alojamento, manuten\u00e7\u00e3o ou correio eletr\u00f3nico), que atuam como respons\u00e1veis \u200b\u200b\u200b\u200bpelo tratamento de dados e ao abrigo das respetivas garantias contratuais.<\/p>\n<p>6. PER\u00cdODO DE CONSERVA\u00c7\u00c3O<br \/>\nOs dados ser\u00e3o conservados durante o tempo necess\u00e1rio para responder ao seu pedido e, quando aplic\u00e1vel, pelos per\u00edodos legalmente exigidos decorrentes de uma rela\u00e7\u00e3o contratual ou de obriga\u00e7\u00f5es legais.<\/p>\n<p>7.\u00ba DIREITOS<br \/>\nPode exercer os seus direitos de acesso, retifica\u00e7\u00e3o, elimina\u00e7\u00e3o, restri\u00e7\u00e3o de tratamento, oposi\u00e7\u00e3o e portabilidade de dados enviando um e-mail para INFO@JOFER.PRO.<\/p>\n<p>Caso considere que n\u00e3o obteve satisfa\u00e7\u00e3o plena no exerc\u00edcio dos seus direitos, poder\u00e1 apresentar uma reclama\u00e7\u00e3o \u00e0 Ag\u00eancia Espanhola de Prote\u00e7\u00e3o de Dados (AEPD), C\/ Jorge Juan, 6, 28001 Madrid, Espanha.<\/p>\n<p>8. SEGURAN\u00c7A<br \/>\nA SOLUCIONES JOFER SL compromete-se a tratar os seus dados de forma confidencial e a tomar medidas para evitar a sua altera\u00e7\u00e3o, perda, processamento n\u00e3o autorizado ou acesso, embora as medidas de seguran\u00e7a na internet n\u00e3o sejam infal\u00edveis.<\/p>\n<p>9. ALTERA\u00c7\u00d5ES \u00c0 POL\u00cdTICA<br \/>\nA SOLUCIONES JOFER SL reserva-se o direito de modificar a presente Pol\u00edtica de Privacidade para a adaptar \u00e0 nova legisla\u00e7\u00e3o ou aos crit\u00e9rios da Ag\u00eancia Espanhola de Prote\u00e7\u00e3o de Dados. Nestes casos, as altera\u00e7\u00f5es ser\u00e3o comunicadas com anteced\u00eancia e ser\u00e1 solicitada a sua aceita\u00e7\u00e3o quando necess\u00e1rio.<\/p>","protected":false},"excerpt":{"rendered":"<p>POL\u00cdTICA DE PRIVACIDADE 1. CONTROLADOR DE DADOS SOLUCIONES JOFER SL Morada: C\/ R\u00edo Almanzora 8, Polig. Indust. La Juaida, 04240 Viator (Almer\u00eda), Espanha NIF: B04560959 Registo Comercial de Almer\u00eda: Volume 1033, Folha 73, P\u00e1gina AL-25213, Inscri\u00e7\u00e3o 1 Website: https:\/\/jofer.pro E-mail: info@jofer.pro 2. FINALIDADE DO TRATAMENTO A recolha e tratamento de dados pessoais t\u00eam como finalidade&#8230; <\/p>\n<div class=\"clear\"><\/div>\n<p><a href=\"https:\/\/jofer.pro\/pt\/politica-de-privacidad\/\" class=\"excerpt-read-more\">Learn More<i class=\"fa fa-angle-double-right icon-double-angle-right\"><\/i><\/a><\/p>\n","protected":false},"author":3,"featured_media":0,"parent":0,"menu_order":0,"comment_status":"closed","ping_status":"closed","template":"","meta":{"footnotes":""},"class_list":["post-4452","page","type-page","status-publish","hentry"],"yoast_head":"<!-- This site is optimized with the Yoast SEO plugin v26.5 - https:\/\/yoast.com\/wordpress\/plugins\/seo\/ -->\n<title>Pol\u00edtica de Privacidad - Jofer<\/title>\n<meta name=\"robots\" content=\"index, follow, max-snippet:-1, max-image-preview:large, max-video-preview:-1\" \/>\n<link rel=\"canonical\" href=\"https:\/\/jofer.pro\/politica-de-privacidad\/\" \/>\n<meta property=\"og:locale\" content=\"pt_PT\" \/>\n<meta property=\"og:type\" content=\"article\" \/>\n<meta property=\"og:title\" content=\"Pol\u00edtica de Privacidad - Jofer\" \/>\n<meta property=\"og:description\" content=\"POL\u00cdTICA DE PRIVACIDADE 1. CONTROLADOR DE DADOS SOLUCIONES JOFER SL Morada: C\/ R\u00edo Almanzora 8, Polig. Indust. La Juaida, 04240 Viator (Almer\u00eda), Espanha NIF: B04560959 Registo Comercial de Almer\u00eda: Volume 1033, Folha 73, P\u00e1gina AL-25213, Inscri\u00e7\u00e3o 1 Website: https:\/\/jofer.pro E-mail: info@jofer.pro 2. FINALIDADE DO TRATAMENTO A recolha e tratamento de dados pessoais t\u00eam como finalidade... Learn More\" \/>\n<meta property=\"og:url\" content=\"https:\/\/jofer.pro\/politica-de-privacidad\/\" \/>\n<meta property=\"og:site_name\" content=\"Jofer\" \/>\n<meta property=\"article:modified_time\" content=\"2025-12-12T11:27:43+00:00\" \/>\n<meta name=\"twitter:card\" content=\"summary_large_image\" \/>\n<meta name=\"twitter:label1\" content=\"Tempo estimado de leitura\" \/>\n\t<meta name=\"twitter:data1\" content=\"6 minutos\" \/>\n<script type=\"application\/ld+json\" class=\"yoast-schema-graph\">{\"@context\":\"https:\/\/schema.org\",\"@graph\":[{\"@type\":\"WebPage\",\"@id\":\"https:\/\/jofer.pro\/politica-de-privacidad\/\",\"url\":\"https:\/\/jofer.pro\/politica-de-privacidad\/\",\"name\":\"Pol\u00edtica de Privacidad - Jofer\",\"isPartOf\":{\"@id\":\"https:\/\/jofer.pro\/#website\"},\"datePublished\":\"2017-10-17T08:30:35+00:00\",\"dateModified\":\"2025-12-12T11:27:43+00:00\",\"breadcrumb\":{\"@id\":\"https:\/\/jofer.pro\/politica-de-privacidad\/#breadcrumb\"},\"inLanguage\":\"pt-PT\",\"potentialAction\":[{\"@type\":\"ReadAction\",\"target\":[\"https:\/\/jofer.pro\/politica-de-privacidad\/\"]}]},{\"@type\":\"BreadcrumbList\",\"@id\":\"https:\/\/jofer.pro\/politica-de-privacidad\/#breadcrumb\",\"itemListElement\":[{\"@type\":\"ListItem\",\"position\":1,\"name\":\"Portada\",\"item\":\"https:\/\/jofer.pro\/\"},{\"@type\":\"ListItem\",\"position\":2,\"name\":\"Pol\u00edtica de Privacidad\"}]},{\"@type\":\"WebSite\",\"@id\":\"https:\/\/jofer.pro\/#website\",\"url\":\"https:\/\/jofer.pro\/\",\"name\":\"Jofer\",\"description\":\"\",\"publisher\":{\"@id\":\"https:\/\/jofer.pro\/#organization\"},\"potentialAction\":[{\"@type\":\"SearchAction\",\"target\":{\"@type\":\"EntryPoint\",\"urlTemplate\":\"https:\/\/jofer.pro\/?s={search_term_string}\"},\"query-input\":{\"@type\":\"PropertyValueSpecification\",\"valueRequired\":true,\"valueName\":\"search_term_string\"}}],\"inLanguage\":\"pt-PT\"},{\"@type\":\"Organization\",\"@id\":\"https:\/\/jofer.pro\/#organization\",\"name\":\"Jofer\",\"url\":\"https:\/\/jofer.pro\/\",\"logo\":{\"@type\":\"ImageObject\",\"inLanguage\":\"pt-PT\",\"@id\":\"https:\/\/jofer.pro\/#\/schema\/logo\/image\/\",\"url\":\"https:\/\/jofer.pro\/wp-content\/uploads\/2017\/06\/Logotipo1.png\",\"contentUrl\":\"https:\/\/jofer.pro\/wp-content\/uploads\/2017\/06\/Logotipo1.png\",\"width\":496,\"height\":210,\"caption\":\"Jofer\"},\"image\":{\"@id\":\"https:\/\/jofer.pro\/#\/schema\/logo\/image\/\"},\"sameAs\":[\"https:\/\/www.linkedin.com\/in\/jose-maria-fernandez-ca\u00f1as-a80a7b21?ppe=1\"]}]}<\/script>\n<!-- \/ Yoast SEO plugin. -->","yoast_head_json":{"title":"Pol\u00edtica de Privacidad - Jofer","robots":{"index":"index","follow":"follow","max-snippet":"max-snippet:-1","max-image-preview":"max-image-preview:large","max-video-preview":"max-video-preview:-1"},"canonical":"https:\/\/jofer.pro\/politica-de-privacidad\/","og_locale":"pt_PT","og_type":"article","og_title":"Pol\u00edtica de Privacidad - Jofer","og_description":"POL\u00cdTICA DE PRIVACIDADE 1. CONTROLADOR DE DADOS SOLUCIONES JOFER SL Morada: C\/ R\u00edo Almanzora 8, Polig. Indust. La Juaida, 04240 Viator (Almer\u00eda), Espanha NIF: B04560959 Registo Comercial de Almer\u00eda: Volume 1033, Folha 73, P\u00e1gina AL-25213, Inscri\u00e7\u00e3o 1 Website: https:\/\/jofer.pro E-mail: info@jofer.pro 2. FINALIDADE DO TRATAMENTO A recolha e tratamento de dados pessoais t\u00eam como finalidade... Learn More","og_url":"https:\/\/jofer.pro\/politica-de-privacidad\/","og_site_name":"Jofer","article_modified_time":"2025-12-12T11:27:43+00:00","twitter_card":"summary_large_image","twitter_misc":{"Tempo estimado de leitura":"6 minutos"},"schema":{"@context":"https:\/\/schema.org","@graph":[{"@type":"WebPage","@id":"https:\/\/jofer.pro\/politica-de-privacidad\/","url":"https:\/\/jofer.pro\/politica-de-privacidad\/","name":"Pol\u00edtica de Privacidad - Jofer","isPartOf":{"@id":"https:\/\/jofer.pro\/#website"},"datePublished":"2017-10-17T08:30:35+00:00","dateModified":"2025-12-12T11:27:43+00:00","breadcrumb":{"@id":"https:\/\/jofer.pro\/politica-de-privacidad\/#breadcrumb"},"inLanguage":"pt-PT","potentialAction":[{"@type":"ReadAction","target":["https:\/\/jofer.pro\/politica-de-privacidad\/"]}]},{"@type":"BreadcrumbList","@id":"https:\/\/jofer.pro\/politica-de-privacidad\/#breadcrumb","itemListElement":[{"@type":"ListItem","position":1,"name":"Portada","item":"https:\/\/jofer.pro\/"},{"@type":"ListItem","position":2,"name":"Pol\u00edtica de Privacidad"}]},{"@type":"WebSite","@id":"https:\/\/jofer.pro\/#website","url":"https:\/\/jofer.pro\/","name":"Jofer","description":"","publisher":{"@id":"https:\/\/jofer.pro\/#organization"},"potentialAction":[{"@type":"SearchAction","target":{"@type":"EntryPoint","urlTemplate":"https:\/\/jofer.pro\/?s={search_term_string}"},"query-input":{"@type":"PropertyValueSpecification","valueRequired":true,"valueName":"search_term_string"}}],"inLanguage":"pt-PT"},{"@type":"Organization","@id":"https:\/\/jofer.pro\/#organization","name":"Jofer","url":"https:\/\/jofer.pro\/","logo":{"@type":"ImageObject","inLanguage":"pt-PT","@id":"https:\/\/jofer.pro\/#\/schema\/logo\/image\/","url":"https:\/\/jofer.pro\/wp-content\/uploads\/2017\/06\/Logotipo1.png","contentUrl":"https:\/\/jofer.pro\/wp-content\/uploads\/2017\/06\/Logotipo1.png","width":496,"height":210,"caption":"Jofer"},"image":{"@id":"https:\/\/jofer.pro\/#\/schema\/logo\/image\/"},"sameAs":["https:\/\/www.linkedin.com\/in\/jose-maria-fernandez-ca\u00f1as-a80a7b21?ppe=1"]}]}},"_links":{"self":[{"href":"https:\/\/jofer.pro\/pt\/wp-json\/wp\/v2\/pages\/4452","targetHints":{"allow":["GET"]}}],"collection":[{"href":"https:\/\/jofer.pro\/pt\/wp-json\/wp\/v2\/pages"}],"about":[{"href":"https:\/\/jofer.pro\/pt\/wp-json\/wp\/v2\/types\/page"}],"author":[{"embeddable":true,"href":"https:\/\/jofer.pro\/pt\/wp-json\/wp\/v2\/users\/3"}],"replies":[{"embeddable":true,"href":"https:\/\/jofer.pro\/pt\/wp-json\/wp\/v2\/comments?post=4452"}],"version-history":[{"count":7,"href":"https:\/\/jofer.pro\/pt\/wp-json\/wp\/v2\/pages\/4452\/revisions"}],"predecessor-version":[{"id":6744,"href":"https:\/\/jofer.pro\/pt\/wp-json\/wp\/v2\/pages\/4452\/revisions\/6744"}],"wp:attachment":[{"href":"https:\/\/jofer.pro\/pt\/wp-json\/wp\/v2\/media?parent=4452"}],"curies":[{"name":"wp","href":"https:\/\/api.w.org\/{rel}","templated":true}]}}